{"version":"1.0","provider_name":"Csal\u00e1dmorzs\u00e1k","provider_url":"https:\/\/csaladmorzsak.cafeblog.hu","author_name":"Vivi","author_url":"https:\/\/csaladmorzsak.cafeblog.hu\/author\/vivi\/","title":"H\u00e9tv\u00e9g\u00e9z\u0151s","html":"Volt itt mindenf\u00e9le a h\u00e9t utols\u00f3 k\u00e9t napj\u00e1n, \u00fagy tudn\u00e1m \u00f6sszefoglalni, hogy t\u00f6rt\u00e9ntek is dolgok, meg nem is :). (Olyan M\u00e1ty\u00e1s kir\u00e1ly mes\u00e9je volt ez :) ) Ha t\u00f6rt\u00e9ntek is, az nem velem t\u00f6rt\u00e9nt :), \u00e9n ink\u00e1bb csak assziszt\u00e1ltam mindenhez.\r\n\r\nApucinknak \u00e9s M\u00e1t\u00e9nak sportosabb napok voltak ezek mint az \u00e1tlag. Szombaton 10-re \u00faszni j\u00e1r M\u00e1t\u00e9 a strandon nemr\u00e9g kialak\u00edtott uszod\u00e1ba \u00e9s ami a legfontosabb: nagyon \u00e9lvezi \u00e9s szereti! Ez eddig m\u00e9g egyetlen egyszer sem fordult el\u0151, az \u00fasz\u00e1s az mindig er\u0151ltetett menet volt, de szerintem azt meg kell tanulni \u00e9s k\u00e9sz...! Sz\u00f3val am\u00edg \u0151k ott voltak, mi s\u00e9t\u00e1ltunk Tom\u00e1val a tavaszban, gy\u00f6ny\u00f6r\u0171 id\u0151 volt. Mivel tal\u00e1lkoztunk Jutka n\u00e9nivel bet\u00e9rt\u00fcnk hozz\u00e1juk pipit etetni, Toma legnagyobb \u00f6r\u00f6m\u00e9re :)... Majd eb\u00e9d \u00e9s alv\u00e1s ut\u00e1n a fi\u00fak kimentek Kati mam\u00e1\u00e9rt Kelenf\u00f6ldre, volt nagy \u00f6r\u00f6mk\u00f6d\u00e9s itthon eg\u00e9sz d\u00e9lut\u00e1n \u00e9s este :), mivel felj\u00f6tt hozz\u00e1nk Veszpr\u00e9mb\u0151l a h\u00e9tv\u00e9g\u00e9re.\r\n\r\nVas\u00e1rnap M\u00e1t\u00e9 Ap\u00e1val focizni ment a komphoz Gerg\u0151\u00e9kkel (M\u00e1t\u00e9 oszt\u00e1lyt\u00e1rsa), \u00e9n addig itthon f\u0151ztem, majd Mam\u00e1t vitt\u00e9k a fi\u00fak unokates\u00f3m Krisztihez, mert keresztap\u00e1m, aki az \u0151 b\u00e1tyja k\u00f3rh\u00e1zban van. Addig itthon ev\u00e9s-iv\u00e1s-alv\u00e1s, M\u00e1t\u00e9val szolmiz\u00e1l\u00e1s gyakorl\u00e1s, v\u00e9g\u00fcl k\u00f3kuszos s\u00fcti s\u00fct\u00e9s kezd\u0151d\u00f6tt, k\u00f6zben haza\u00e9rt Mama is.\r\n\r\nDe ami a legfontosabb \u00e9s ez\u00e9rt volt ez a nagy bevezet\u0151 is :), M\u00e1t\u00e9nak be kellett fejeznie egy rajzot itthon, ki kellet festeni. A nagy munka k\u00f6zben Toma is odatelepedett, neki is adtam egy lapot - azt\u00e1n m\u00e9g kett\u0151t - amire festhetett \u00e9s nagy \u00f6r\u00f6mmel tette. A lapok el\u00e9gg\u00e9 vizesek lettek, el is \u00e1ztak nem egyszer, de nagyon \u00f6r\u00fclt mindennek, lelkesen m\u00e1zolt, n\u00e9ha az ujjacsk\u00e1ival festett, nagyon \u00e9des volt :)!\r\n\r\nN\u00e9h\u00e1ny k\u00e9p is k\u00e9sz\u00fclt:\r\n\r\n[caption id=\"attachment_225\" align=\"aligncenter\" width=\"300\"]<a href=\"https:\/\/csaladmorzsak.cafeblog.hu\/files\/2014\/03\/h\u00e1tizs\u00e1kos1.jpg\"><img class=\" wp-image-225 \" alt=\"\" src=\"https:\/\/csaladmorzsak.cafeblog.hu\/files\/2014\/03\/h\u00e1tizs\u00e1kos1-e1393919936667.jpg\" width=\"300\" height=\"400\" \/><\/a> Indul\u00e1sra k\u00e9szen[\/caption]\r\n\r\n&nbsp;\r\n\r\n[caption id=\"attachment_226\" align=\"aligncenter\" width=\"300\"]<a href=\"https:\/\/csaladmorzsak.cafeblog.hu\/files\/2014\/03\/h\u00e1tizs\u00e1kos2.jpg\"><img class=\" wp-image-226 \" alt=\"\" src=\"https:\/\/csaladmorzsak.cafeblog.hu\/files\/2014\/03\/h\u00e1tizs\u00e1kos2-e1393920047951.jpg\" width=\"300\" height=\"400\" \/><\/a> Pont j\u00f3 a m\u00e9ret[\/caption]\r\n\r\n[caption id=\"attachment_227\" align=\"aligncenter\" width=\"300\"]<a href=\"https:\/\/csaladmorzsak.cafeblog.hu\/files\/2014\/03\/eszeget\u0151s.jpg\"><img class=\" wp-image-227 \" alt=\"\" src=\"https:\/\/csaladmorzsak.cafeblog.hu\/files\/2014\/03\/eszeget\u0151s-e1393920169281.jpg\" width=\"300\" height=\"400\" \/><\/a> Egy\u00fctt ev\u00e9s :)[\/caption]\r\n\r\n&nbsp;\r\n\r\n[caption id=\"attachment_228\" align=\"aligncenter\" width=\"400\"]<a href=\"https:\/\/csaladmorzsak.cafeblog.hu\/files\/2014\/03\/fest\u0151s.jpg\"><img class=\" wp-image-228 \" alt=\"\" src=\"https:\/\/csaladmorzsak.cafeblog.hu\/files\/2014\/03\/fest\u0151s-e1393920451715.jpg\" width=\"400\" height=\"300\" \/><\/a> K\u00f6z\u00f6s festeget\u00e9s, Tom\u00e1nak az els\u0151 :)[\/caption]","type":"rich"}