{"version":"1.0","provider_name":"Csal\u00e1dmorzs\u00e1k","provider_url":"https:\/\/csaladmorzsak.cafeblog.hu","author_name":"Vivi","author_url":"https:\/\/csaladmorzsak.cafeblog.hu\/author\/vivi\/","title":"Hossz\u00fa h\u00e9tv\u00e9g\u00e9nk","html":"<p>Eddig nem olyan, amilyennek elk\u00e9pzeltem m\u00e9g p\u00e1r nappal ezel\u0151tt :) , de pr\u00f3b\u00e1lom a j\u00f3t kihozni bel\u0151le :) ... Mivel p\u00e9nteken fordult meg el\u0151sz\u00f6r a fejemben egy \u00fajabb betegs\u00e9g lehet\u0151s\u00e9ge - ugye Tom\u00e1n\u00e1l - kicsit le voltam tagl\u00f3zva, mert most k\u00e1b\u00e9 pont annyira v\u00e1rtuk a betegs\u00e9gek ut\u00e1n a h\u00e1zb\u00f3l kiszabadul\u00e1st, mint amennyire j\u00f3l esett anno \u0151sszel a csendesebb id\u0151szak, a sok j\u00f6v\u00e9s-men\u00e9s ut\u00e1n a benti, alkotgat\u00f3s napok... M\u00e1t\u00e9 a Csal\u00e1df\u0151vel ma horg\u00e1szversenyre ment volna (ha az a volna nem lett volna :) ), de a v\u00e9ge az lett, hogy csak Apuci ment el, Legnagyobbunkn\u00e1l is \u00fagy \u00edt\u00e9lt\u00fck meg, hogy m\u00e9g nem \u00e9rett meg r\u00e1 a helyzet az arc\u00fcreggyullad\u00e1sa ut\u00e1n... \u0150 persze ezt nem \u00edgy l\u00e1tta szeg\u00e9ny :) , mert m\u00e1r nagyon szeretett volna pec\u00e1zni, \u00e9s t\u00e9nyleg nem f\u00e1j m\u00e1r semmije, \u00fagy t\u0171nik j\u00f3l van, de m\u00e9g f\u00e1rad\u00e9kony, n\u00e9ha levert, meg egy\u00e1ltal\u00e1n az els\u0151 antibigy\u00f3 n\u00e9lk\u00fcli napj\u00e1n jobb nem azzal kezdeni, hogy kint \u00fcl 7-8 fokban m\u00e1r reggel a t\u00f3parton, a frissen gy\u00f3gyult arc\u00fcreg\u00e9vel egy\u00fctt :) ... Az\u00e9rt eg\u00e9sz j\u00f3l elfogadta\u00a0M\u00e1t\u00e9 a helyzetet, nem boldog t\u0151le, de \u00fagy van vele, hogy majd bep\u00f3tolja ezt m\u00e9g (amiben biztos vagyok :) ), az elk\u00f6vetkezend\u0151 h\u00f3napokban :) .<\/p>\r\n<p>Tom\u00e1val pedig m\u00e1ra j\u00e1tsz\u00f3h\u00e1zat tervezt\u00fcnk be, pont az\u00e9rt erre a napra, mivel tudtuk, hogy a csal\u00e1d m\u00e1sik fele \u00fagysem lesz itthon. R\u00e1ad\u00e1sul nem csak magunk ment\u00fcnk volna, hanem az ovib\u00f3l v\u00e9gre nemcsak Toma bar\u00e1tkozott \u00f6ssze az egyik ovis t\u00e1rs\u00e1val N\u00f3rik\u00e1val, hanem \u00e9n is N\u00f3rika anyuk\u00e1j\u00e1val :) , \u00edgy azt\u00e1n j\u00f3l kitervelt\u00fck ezt a programot :) , f\u0151leg, hogy v\u00e9gre mindk\u00e9t gyerk\u0151c\u00a0a koroszt\u00e1ly\u00e1ba ill\u0151 t\u00e1rs\u00e1val j\u00e1tszhatott volna... (Toma bar\u00e1tai k\u00f6z\u00fcl m\u00e9g legal\u00e1bb k\u00e9t kisfi\u00fa jel\u00f6ltem is van, akiknek a sz\u00fcleivel j\u00f3 lenne valami kapcsolatba ker\u00fclni, hogy legal\u00e1bb \u00e1th\u00edvhassuk \u0151ket j\u00e1tszani, de eddig m\u00e9g egyikkel sem siker\u00fclt tal\u00e1lkozni, na, de ami k\u00e9sik az nem m\u00falik :) ...). Persze a j\u00e1tsz\u00f3h\u00e1z el lett napolva :) , pedig Toma \u00e9s N\u00f3ri is nagyon v\u00e1rta m\u00e1r, sz\u00e1molgatt\u00e1k mennyit kell aludni :) , \u00fagyhogy most mindk\u00e9t helyen jegelj\u00fck a t\u00e9m\u00e1t :) . A marad\u00e9k k\u00e9t napb\u00f3l az egyiken m\u00e9g kir\u00e1ndultunk volna, azt nem d\u00f6nt\u00f6tt\u00fck el hov\u00e1 megy\u00fcnk, de valami erd\u0151s hely sejlett fel a szemeim el\u0151tt :) , a m\u00e1sikra kertez\u00e9s volt be\u00fctemezve. Eddig nekem, egyed\u00fcl az Orsz\u00e1gfut\u00e1s j\u00f6tt \u00f6ssze tegnap abb\u00f3l, amit elterveztem erre a 4 napra, na de ne legy\u00fcnk telhetetlenek, ugyeb\u00e1r :) ...<\/p>\r\n<p>Toma pedig nagyon k\u00f6h\u00f6g, n\u00e1th\u00e1s, folyik az orra, este er\u0151s h\u0151emelked\u00e9se volt. K\u00e9t hete, ami \u00e1tment rajta ilyesmi volt, csak sokkal enyh\u00e9bb, most ezt \u00fagy j\u00f3l elkapta, f\u0151leg a k\u00f6h\u00f6g\u00e9se cs\u00fanya, szerintem a marad\u00e9k h\u00e1rom napon sem megy oviba, nem l\u00e1tom, hogy addig olyan nagyon meggy\u00f3gyulna (m\u00e1r ami a k\u00f6h\u00f6g\u0151s r\u00e9sz\u00e9t illeti a betegs\u00e9gnek)... Sz\u00f3val ez a n\u00e9gy nap alapos \u00fajratervez\u00e9st ig\u00e9nyel, el\u0151t\u00e9rben a benti j\u00e1t\u00e9kokkal \u00e9s tal\u00e1n egy kis kertez\u00e9ssel...<\/p>","type":"rich"}