{"version":"1.0","provider_name":"Csal\u00e1dmorzs\u00e1k","provider_url":"https:\/\/csaladmorzsak.cafeblog.hu","author_name":"Vivi","author_url":"https:\/\/csaladmorzsak.cafeblog.hu\/author\/vivi\/","title":"\u00c9letjel","html":"<p>M\u00e9g magamnak is furcsa, hogy \u00edgy elt\u0171ntem p\u00e1r napra, pedig semmi komolyabb oka nem volt a dolognak... Mondjuk f\u0151leg az id\u0151hi\u00e1ny okozta, el\u0151sz\u00f6r a tanul\u00e1s-f\u0151z\u00e9s-j\u00e1tsz\u00e1s, azt\u00e1n a kertes\u00a0t\u00e9mak\u00f6rben. Az is van, hogy k\u00e9t hete, az ovis bogr\u00e1csos-meglepi sz\u00fclinapos h\u00e9tv\u00e9ge \u00f3ta valahogy nem \u00e9rem utol magamat, sem bent, sem a kertben, ez ut\u00f3bbit az\u00e9rt a rossz id\u0151k is befoly\u00e1solt\u00e1k \u00e9s ezt pr\u00f3b\u00e1lom magamban \u00e9s egy\u00e9bk\u00e9nt is helyrehozni. Mondjuk a kerti \u00fcgyekben az ut\u00f3bbi p\u00e1r napban el\u00e9g j\u00f3l haladtam, \u00edgy most valamivel jobb nekem is :) .<\/p>\r\n<p>A h\u00e9tv\u00e9g\u00e9n szembes\u00fcltem azzal is, hogy m\u00e9g ann\u00e1l is jobban \u00e9v v\u00e9ge van, mint ahogy \u00e9n azt eredetileg gondoltam :) : m\u00e9g soha nem volt olyan n\u00e1lunk, hogy M\u00e1t\u00e9 k\u00ednkeservesen \u00e1llt neki a tanulnival\u00f3knak, ha nem is volt kedve hozz\u00e1, mindig legy\u0171rte ezt mag\u00e1ban, most viszont l\u00e1ttam rajta szombaton \u00e9s vas\u00e1rnap is, hogy pr\u00f3b\u00e1lkozik, de valahogy sehogy sem akar siker\u00fclni a tanul\u00e1s... Lehet, hogy ez\u00e9rt, de vas\u00e1rnap \u00e9jjel alig aludt valamit, reggel a feje is nagyon f\u00e1jt (ennek k\u00f6sz\u00f6nhet\u0151en nyilv\u00e1n), \u00edgy azt\u00e1n \u00e9n magam sem tan\u00e1csoltam neki aznapra az iskol\u00e1t, \u00fagyhogy tegnap itthon maradt.\u00a0<\/p>\r\n<p>Persze maradt akkor m\u00e1r Toma is :) , aki k\u00fcl\u00f6n meg\u00e9r egy mis\u00e9t... Nem tudom mi az oka \u00e9s, hogy \u0151szinte legyek egyre jobban aggaszt, hogy most m\u00e1r od\u00e1ig jutottunk, hogy s\u00edrva\u00a0j\u00f6tt reggel az \u00f3vod\u00e1ba (nagyon rossz volt, sajn\u00e1ltam \u0151t rettenetesen)... H\u00e1t, ilyen m\u00e1r nagyon r\u00e9g\u00f3ta nem volt, t\u00e9nyleg l\u00e1tom \u00e9n, hogy f\u00e1radt, de ez valahogy m\u00e9gis csak t\u00f6bb ann\u00e1l... M\u00e1r m\u00falt h\u00e9ten besz\u00e9ltem az \u00f3v\u00f3 n\u00e9ninkkel is, de amit mondott - hogy f\u0151leg k\u00e9zm\u0171veskednek \u00e9s val\u00f3sz\u00edn\u0171leg ehhez nincs kedve Legkisebb\u00fcnknek, az\u00e9rt j\u00f6n olyan nehezen - finoman\u00a0sz\u00f3lva nem \u00e1ll ar\u00e1nyban azzal, amennyire nem akar oviba menni Toma... Arr\u00f3l m\u00e9g nem is \u00edrtam, hogy az egyik \u00f3v\u00f3 n\u00e9nink, Enik\u0151 elment az ovib\u00f3l, k\u00e9t hete k\u00e1b\u00e9, akit szerettek a gyerekek, de eddig Tom\u00e1n\u00e1l nem l\u00e1ttam, hogy ennyire ragaszkodna hozz\u00e1. Nem tudom, most arra gyanakszom, hogy ez lehet az oka a nagy nem akar\u00e1snak, meg az, hogy a kedvenc dadusa, meg sajnos beteg\u00e1llom\u00e1nyban van \u00e9s ny\u00e1rig m\u00e9g lesz is, sz\u00f3val \u0151 sincs huzamosabb ideig. Akkor viszont ez meg tov\u00e1bbi k\u00e9rd\u00e9seket vet fel: \u0151k, de legf\u0151k\u00e9pp az elment \u00f3v\u00f3 n\u00e9ni volt a kulcs Tom\u00e1n\u00e1l, ami az\u00e9rt el\u00e9gg\u00e9 elgondolkodtat\u00f3, mert eddig \u00e9n nem err\u0151l hallottam... No, nem tudom, mint ahogy azt sem, hogy er\u0151ltessem-e ilyen nagy ellen\u00e1ll\u00e1ssal m\u00e9g ezt a k\u00e1b\u00e9 h\u00e1tral\u00e9v\u0151 egy hetet, amit j\u00e1rn\u00e1nk oviba, ugyanis j\u00f6v\u0151 p\u00e9nteken lesz n\u00e1luk a v\u00e1s\u00e1rral egybek\u00f6t\u00f6tt ballag\u00e1s, az ut\u00e1na l\u00e9v\u0151 h\u00e9tt\u0151l m\u00e1r meg\u00edrtam a kik\u00e9r\u0151t, sz\u00f3val onnan hivatalosan is ny\u00e1ri sz\u00fcnet lesz Tom\u00e1nak...<\/p>\r\n<p>H\u00e1t, ilyesmik mennek n\u00e1lunk, meg az es\u0151felh\u0151k :) ...<\/p>","type":"rich"}