{"version":"1.0","provider_name":"Csal\u00e1dmorzs\u00e1k","provider_url":"https:\/\/csaladmorzsak.cafeblog.hu","author_name":"Vivi","author_url":"https:\/\/csaladmorzsak.cafeblog.hu\/author\/vivi\/","title":"Tan\u00e9vnyit\u00f3s h\u00e9tv\u00e9gi","html":"<p>Gyorsan elszaladt, mint minden mostan\u00e1ban, gondolom a tan\u00e9vnek is ez lesz a sorsa, csak most m\u00e9g olyan messzinek t\u0171nik mindez :) ... Apa szombat d\u00e9lel\u0151tt elvonult dolgozni k\u00e9t napra, helyet cser\u00e9lve Kati mam\u00e1val, aki\u00e9rt d\u00e9lel\u0151tt ment\u00fcnk a Kelenf\u00f6ldi p\u00e1lyaudvarra. \u00d6r\u00fclt\u00fcnk neki nagyon, m\u00e1r t\u00e9nyleg valahogy r\u00e9gen j\u00e1rt n\u00e1lunk. Mivel gy\u00f6ny\u00f6r\u0171 id\u0151 volt \u00e9s tudtuk, hogy m\u00e1snap m\u00e1r \u00fagysem megy\u00fcnk sehov\u00e1, mert nem lesz r\u00e1 id\u0151, hazafel\u00e9 j\u00f6vet bement\u00fcnk a Kopaszi-g\u00e1tra. M\u00e1t\u00e9 persze nem volt t\u00fal lelkes, de r\u00e1besz\u00e9lt\u00fck \u00e9s v\u00e9g\u00fcl j\u00f3 volt ez \u00edgy, ugyanis saj\u00e1t bevall\u00e1sa szerint is j\u00f3l \u00e9rezte mag\u00e1t :) . Pedig semmi k\u00fcl\u00f6n\u00f6set nem csin\u00e1ltunk, csak s\u00e9t\u00e1lgattunk, de persze ott minden olyan sz\u00e9p, Legkisebb\u00fcnk fut\u00f3biciklivel sz\u00e1guldozott, \u00e9s j\u00f3kat besz\u00e9lgett\u00fcnk. A nyugodt andalg\u00e1sb\u00f3l persze nem lett semmi, mert \u00e1ltal\u00e1ban kig\u00favadt szemekkel n\u00e9ztem, hogy Toma kit fog \u00e9ppen el\u00fctni (szombat l\u00e9v\u00e9n igencsak sokan gondolt\u00e1k ugyanezt saj\u00e1t programnak, de erre csak ott, a t\u00f6m\u00f6tt parkol\u00f3ban j\u00f6ttem r\u00e1 :) ) vagy esetleg \u0151 zak\u00f3zik egy hatalmasat. V\u00e9g\u00fcl se ez, se amaz nem lett, lement\u00fcnk a parti r\u00e9szre is, Mam\u00e1nak is nagyon tetszett a hely, b\u00e1r egyszer r\u00e9gen vele is voltunk ott, de az\u00f3ta jobban ki\u00e9p\u00fclt minden arrafel\u00e9.\u00a0<\/p>\r\n<p><a href=\"https:\/\/csaladmorzsak.cafeblog.hu\/files\/2016\/09\/20160903_033120.jpg\"><img class=\"aligncenter size-large wp-image-8611\" src=\"https:\/\/csaladmorzsak.cafeblog.hu\/files\/2016\/09\/20160903_033120-600x450.jpg\" alt=\"20160903_033120\" width=\"600\" height=\"450\" \/><\/a><\/p>\r\n<p>Azt\u00e1n mivel d\u00e9lid\u0151 volt, persze, hogy meg\u00e9hezett mindenki \u00e9s nagy \u00f6r\u00f6m\u00fcnkre tal\u00e1ltunk ott egy kitelep\u00fclt l\u00e1ngosost, mondanom sem kell, hogy az lett az eb\u00e9d, m\u00e9g egy \u00e1rny\u00e9kos s\u00f6rpadot is\u00a0siker\u00fclt tal\u00e1lni, ahov\u00e1 letelepedt\u00fcnk \u00e9s j\u00f3t ett\u00fcnk, \u00e9s m\u00e9g ann\u00e1l is t\u00f6bbet nevett\u00fcnk :) .<\/p>\r\n<p><a href=\"https:\/\/csaladmorzsak.cafeblog.hu\/files\/2016\/09\/20160903_131849.jpg\"><img class=\"aligncenter size-large wp-image-8612\" src=\"https:\/\/csaladmorzsak.cafeblog.hu\/files\/2016\/09\/20160903_131849-600x450.jpg\" alt=\"20160903_131849\" width=\"600\" height=\"450\" \/><\/a><\/p>\r\n<p>Azt\u00e1n m\u00e9g tov\u00e1bbi s\u00e9t\u00e1k\/bicikliz\u00e9sek ut\u00e1n elindultunk, \u00edgy is\u00a0benne j\u00e1rtunk m\u00e1r a d\u00e9lut\u00e1nban, amire haza\u00e9rt\u00fcnk. Itthon a sz\u00fclinapi elmaradt aj\u00e1nd\u00e9koz\u00e1s ut\u00e1n m\u00e1r nagyon gyorsan este lett, de m\u00e1snap minden ott folytat\u00f3dott, ahol abbahagytuk. K\u00e9s\u0151i kel\u00e9s volt, legal\u00e1bbis a gyerk\u0151c\u00f6knek, mi j\u00f3kat k\u00e1v\u00e9ztunk, besz\u00e9lgett\u00fcnk, k\u00f6z\u00f6sen f\u0151zt\u00fcnk, Mama m\u00e9g focizott is a fi\u00fakkal (hozz\u00e1teszem nem el\u0151sz\u00f6r, tiszt\u00e1ra fitt nagyi :) , szerintem 20 \u00e9vet letagadhat :) ). Azt\u00e1n d\u00e9lut\u00e1n megint elvonultunk Kelenf\u00f6ldre, kicsit el\u0151bb ment\u00fcnk, \u00edgy Legkisebb\u00fcnk is ki\u00e9lhette vonatszenved\u00e9ly\u00e9t \u00e9s alaposan n\u00e9zel\u0151dhetett, meg persze folyamatosan azt k\u00e9rdezgette, hogy mi mikor utazunk IGAZI vonattal :) ...<\/p>\r\n<p>Estefel\u00e9, amikor haza\u00e9rt\u00fcnk m\u00e1r csak bepakoltunk m\u00e1snapra a sulira-ovira (a marad\u00e9k k\u00f6nyvek m\u00e9g szombaton bek\u00f6t\u0151dtek :) ), azt\u00e1n a k\u00f6telez\u0151k ut\u00e1n mindenki ment aludni - ap\u00e1t Toma m\u00e1r nem v\u00e1rhatta meg, mert 11 k\u00f6r\u00fcl \u00e9rt haza, M\u00e1t\u00e9 az\u00e9rt m\u00e9g fent volt.\u00a0<\/p>\r\n<p>Nagyon j\u00f3 kis kellemes, nyugis h\u00e9tv\u00e9ge volt, olyan amikor nem t\u00f6rt\u00e9nik semmi k\u00fcl\u00f6n\u00f6s, de pont ez, a\u00a0k\u00f6z\u00f6s besz\u00e9lget\u00e9sek \u00e9s f\u0151z\u00e9sek, az egy\u00fcttl\u00e9tek adt\u00e1k a tartalm\u00e1t...\u00a0<\/p>","type":"rich"}