{"version":"1.0","provider_name":"Csal\u00e1dmorzs\u00e1k","provider_url":"https:\/\/csaladmorzsak.cafeblog.hu","author_name":"Vivi","author_url":"https:\/\/csaladmorzsak.cafeblog.hu\/author\/vivi\/","title":"K\u00fcl\u00f6n\u00f3r\u00e1k","html":"<p>Azt hiszem id\u00e9n nincs hi\u00e1ny bel\u0151l\u00fck, s\u0151t meghat\u00e1rozz\u00e1k a napjainkat. Lassan az els\u0151 teljes, k\u00fcl\u00f6n\u00f3r\u00e1s h\u00e9ten lesz\u00fcnk t\u00fal (az \u00f3r\u00e1k java okt\u00f3berben indult) \u00e9s azt hiszem elmondhatom, hogy mindenki elf\u00e1radt most a h\u00e9tben... M\u00e1t\u00e9t n\u00e9zve, mert \u0151 az egyszer\u0171bb eset, meghat\u00e1roz\u00f3ak az el\u0151k\u00e9sz\u00edt\u0151k, h\u00e9tf\u0151n matek van f\u00e9l \u00f6tt\u0151l, szerd\u00e1n pedig magyar h\u00e1romt\u00f3l. Egyik sem a legjobb kezdet, de a szerda 3 \u00f3ra, k\u00fcl\u00f6n\u00f6sen neh\u00e9z (sajnos m\u00e1skor aznap nem volt hely), mert 2 el\u0151tt 10 perccel v\u00e9gez a suliban, sz\u00f3val ott \u00e1llunk \u00e9rte gl\u00e9d\u00e1ban Tom\u00e1val, hazarobogunk, gyors eb\u00e9d \u00e9s m\u00e1r vissz\u00fck is a gimibe, ahov\u00e1 egy\u00e9bk\u00e9nt j\u00f6v\u0151re j\u00e1rni szeretne majd. Ezeken k\u00edv\u00fcl, m\u00e1r csak a kedd marad Legnagyobbunknak, amikor ide 4 utc\u00e1val feljebb angolra j\u00e1r, ami m\u00e1r tavaly is volt neki \u00e9s j\u00f3l is j\u00f6n, mert lehet, hogy angol tagozatra menne, majd megl\u00e1tjuk, de ez mindenk\u00e9ppen hasznos neki, ak\u00e1rhogy is lesz. Neki itt a k\u00fcl\u00f6n\u00f3r\u00e1k befejez\u0151dtek a h\u00e9tre, a cs\u00fct\u00f6rt\u00f6ki nyelv\u00f3ra vagy el\u0151k\u00e9sz\u00edt\u0151 fel sem mer\u00fclt, ugyanis a p\u00e9nteki napja a legnehezebb tanulnival\u00f3 szempontj\u00e1b\u00f3l, \u00edgy cs\u00fct\u00f6rt\u00f6k d\u00e9lut\u00e1nra szint\u00e9n megvan a teljes programja szeg\u00e9nynek :) ... Egy\u00e9bk\u00e9nt is neh\u00e9z \u00f6sszehozni a mindenf\u00e9le tanulnival\u00f3val, de ez hasznos, kellenek is neki most ezek amikre j\u00e1r, \u00fagyhogy ezzel \u00fagy \u00e9rzem csak haszn\u00e1lunk, b\u00e1r t\u00e9nyleg f\u00e1raszt\u00f3, \u0151 m\u00e1r 2 hete csin\u00e1lja, valamennyire tal\u00e1n k\u00e9pben vagyunk. Az fel sem mer\u00fclt, hogy nem hozom-viszem M\u00e1t\u00e9t az el\u0151k\u00e9sz\u00edt\u0151re (az angol ugye szerencs\u00e9re itt van szinte a szomsz\u00e9dunkban), mert rengeteg id\u0151t megsp\u00f3rolunk \u00edgy, egy\u00e9bk\u00e9nt majdnem m\u00e1sf\u00e9l \u00f3r\u00e1ja menne el az utaz\u00e1ssal, ha a buszra v\u00e1rakoz\u00e1st \u00e9s a gyalogl\u00e1st is belesz\u00e1m\u00edtom, az meg az\u00e9rt rengeteg. Egyed\u00fcl h\u00e9tf\u0151 este nem kell majd val\u00f3sz\u00edn\u0171leg \u00e9rte menn\u00fcnk, mert hatkor v\u00e9gez az el\u0151k\u00e9sz\u00edt\u0151n \u00e9s akkor \u00e1ltal\u00e1ban a Csal\u00e1df\u0151 hozza haza.<\/p>\r\n<p>Toma pedig ebben az \u00e9vben szint\u00e9n beleh\u00fazott, mindenf\u00e9l\u00e9re akar j\u00e1rni az egy dolog, pr\u00f3b\u00e1ltuk megtal\u00e1lni az egyens\u00falyt, azt hiszem nem siker\u00fclt :) ... A h\u00e9tf\u0151i napja m\u00e9g az, ami nem d\u0151lt el. Ugyanis akkor k\u00fcl\u00f6n foci edz\u00e9sre is mehetne, ami h\u00e9tf\u0151-szerda a h\u00e9ten, de mivel a szerd\u00e1nk m\u00e1r foglalt, csak egyszer tudna j\u00e1rni, ami az\u00e9rt nem t\u00fal szerencs\u00e9s \u00e9s most \u00edgy v\u00e9gigcaplatva a h\u00e9ten, \u00fagy \u00e9rzem kifejezetten f\u00e1raszt\u00f3 is lenne m\u00e9g az a plusz egy alkalom, mert a foci, M\u00e1t\u00e9ra eml\u00e9kezve az\u00e9rt f\u00e1raszt\u00f3 tud lenni. M\u00e9g nem indult el az oviban, de lassan el fog Julcsi n\u00e9ni ovis torn\u00e1ja, amit Legkisebb\u00fcnk nagyon szeret, tavaly is j\u00e1rtunk, \u00e9lvezte, szerette. \u00c9n sz\u00edvem szerint kihagyn\u00e1m, csak \u00e9s puszt\u00e1n az\u00e9rt, mert m\u00e1r \u00edgy is tele vagyunk, de ennek ellentmond az, hogy Toma meg nagyon szeretn\u00e9, meg az is, hogy h\u00e9tf\u0151n pont nagyj\u00e1b\u00f3l abban az id\u0151s\u00e1vban vissz\u00fck M\u00e1t\u00e9t el\u0151k\u00e9sz\u00edt\u0151re. Egy picit tal\u00e1n negyed \u00f3r\u00e1val kellene el\u0151bb indulnunk, mert negyed 5-kor kezd\u0151dik a torna, M\u00e1t\u00e9 f\u00e9l \u00f6tkor kezd ugye a gimiben, sz\u00f3val \u00edgy is, \u00fagy is \u00faton lesz\u00fcnk, r\u00e1ad\u00e1sul, ha valami\u00e9rt Apa nem tudja hazahozni M\u00e1t\u00e9t aznap, akkor nek\u00fcnk kell menni \u00e9rte, sz\u00f3val m\u00e9g az is lehet, hogy viszonylag k\u00f6nnyen belesimul a h\u00e9tf\u0151be az a torna, megl\u00e1tjuk. Egy\u00e9bk\u00e9nt a h\u00e9t els\u0151 napj\u00e1n, m\u00e9g az oviban is van k\u00fcl\u00f6n foci, amire term\u00e9szetesen j\u00e1r Legkisebb\u00fcnk (elk\u00e9pzelhetetlen lenne, hogy ne \u00edgy legyen :) ), de ez az egy szerencs\u00e9re ott van helyben, r\u00e1ad\u00e1sul d\u00e9lel\u0151tt, \u00fagyhogy ezzel nincs gondunk k\u00fcl\u00f6n :) .<\/p>\r\n<p>Kedden \u00e9s cs\u00fct\u00f6rt\u00f6k\u00f6n \u00fasz\u00e1s lesz, amit eddig az\u00e9rt k\u00e9pl\u00e9kenyen kezeltem, mert Toma kedve ugyan megvolt hozz\u00e1, de m\u00e9g soha nem j\u00e1rtunk \u00fasz\u00e1sra vele \u00e9s M\u00e1t\u00e9t\u00f3l az\u00e9rt \u00fagy eml\u00e9kszem, hogy nem volt mindig a kedvence az \u00fasz\u00f3tanfolyam :) , s\u0151t :) ! Ennek ellen\u00e9re j\u00f3l megtanult \u00faszni, \u00e9s most m\u00e1r \u00f6r\u00fcl is neki, de nem volt ez\u00a0mindig \u00edgy, volt, hogy hosszabb sz\u00fcneteket hagytunk, azt\u00e1n folytattuk arr\u00f3l a bizonyos szintr\u0151l, ahov\u00e1 eljutott, \u00fagyhogy az \u00fasz\u00e1st n\u00e1la p\u00e9ld\u00e1ul nem biztos, hogy eg\u00e9sz \u00e9ves elfoglalts\u00e1gnak lehetett volna betudni :) . Most els\u0151re \u00fagy t\u0171nik Tom\u00e1n\u00e1l tal\u00e1n nem \u00edgy lesz, nagyon szerette, b\u00e1r m\u00e9g igaz, hogy csak ismerked\u0151 \u00f3ra volt a keddi \u00e9s f\u0151leg j\u00e1tszottak, de \u00e9n is \u00fagy \u00e9rzem, hogy j\u00f3 lesz ez :) ! Meg k\u00fcl\u00f6nben is \u00faszni azt vallom, hogy meg kell tanulni, f\u0151leg azoknak, akik a Duna mellett laknak :) , j\u00f6v\u0151re pedig els\u0151 oszt\u00e1lyban m\u00e1r nem tudom mennyire fog belef\u00e9rni b\u00e1rmilyen k\u00fcl\u00f6n\u00f3ra is a h\u00e9tbe, mert M\u00e1t\u00e9n\u00e1l \u00fagy eml\u00e9kszem szinte mindent elhagytunk, jobbnak l\u00e1ttuk akkor, mert nagyon elf\u00e1radt \u00e9s csak m\u00e1sodikban kezdt\u00fcnk k\u00fcl\u00f6n \u00faszni \u00e9s focizni j\u00e1rni vele. Sz\u00f3val kedd, cs\u00fct\u00f6rt\u00f6k n\u00e9gyt\u0151l \u00f6tig \u00fasz\u00e1s, aznap van M\u00e1t\u00e9nak is az angol, de szerencs\u00e9re s\u00e9t\u00e1lva 5 percre lakik az angol tan\u00e1rn\u0151, \u00edgy oda nem kellek a furik\u00e1z\u00e1shoz :) .<\/p>\r\n<p>Szerd\u00e1n Tom\u00e1nak bev\u00e1llaltuk az iskola el\u0151k\u00e9sz\u00edt\u0151t, abba a fejleszt\u0151-j\u00e1tsz\u00f3h\u00e1zba j\u00e1runk vele, ahov\u00e1 tavaly is ment\u00fcnk, nagyon tetszett neki akkor is, most is j\u00f3 volt, tegnap volt az els\u0151 alkalom. Egy kisfi\u00faval j\u00e1r k\u00f6z\u00f6sen, aki szint\u00e9n j\u00f6v\u0151re megy suliba, \u00edgy kettesben lesznek, ami kifejezetten j\u00f3, mert jut id\u0151 k\u00fcl\u00f6n is r\u00e1juk, nincsenek egyed\u00fcl, a j\u00e1t\u00e9kos feladatok is sokkal jobbak \u00edgy k\u00f6z\u00f6sen. Kis sz\u00e9ps\u00e9ghib\u00e1ja, hogy \u00f6tt\u0151l hatig tart az \u00f3ra. A szerda k\u00fcl\u00f6nben is a legrosszabb nap a d\u00e9lut\u00e1nok szempontj\u00e1b\u00f3l, mert M\u00e1t\u00e9\u00e9rt, mint \u00edrtam, rohanunk kett\u0151re a sulihoz, azt\u00e1n eb\u00e9d, vissz\u00fck 3-ra el\u0151k\u00e9sz\u00edt\u0151re. Ut\u00e1na van m\u00e1sf\u00e9l \u00f3r\u00e1nk, amikor nem tudunk mit csin\u00e1lni, mert M\u00e1t\u00e9 f\u00e9l 5-kor v\u00e9gez, eddig elt\u00f6lt\u00f6tt\u00fck az id\u0151t vagy v\u00e1s\u00e1roltunk vagy a kis j\u00e1tsz\u00f3h\u00e1zban voltunk, amit most nagyon im\u00e1d Legkisebb\u00fcnk, h\u00e1t majd valahogy kialakul, az biztos, hogy hazaj\u00f6nni nem sok \u00e9rtelme van a dolognak. Azt\u00e1n f\u00e9lkor felszedj\u00fck M\u00e1t\u00e9t, hazavissz\u00fck, ut\u00e1na megy\u00fcnk az iskola el\u0151k\u00e9sz\u00edt\u0151re 5-re \u00e9s a kocsinak k\u00f6sz\u00f6nhet\u0151en mindezt pontosan meg is tudjuk val\u00f3s\u00edtani, mert belef\u00e9r az id\u0151be. Ett\u0151l f\u00fcggetlen\u00fcl a szerda d\u00e9lut\u00e1n \u00fagy ahogy van, elmegy (meg a t\u00f6bbi is, csak pepit\u00e1ban :) , de itt a legjobban).<\/p>\r\n<p>P\u00e9nteken nincs semmi senkinek, a h\u00e9tv\u00e9g\u00e9re m\u00e9g a lovagl\u00e1s van, ami szint\u00e9n Toma kedvence \u00e9s sz\u00edve cs\u00fccske \u00e9s mostan\u00e1ban t\u00e9nyleg az van, hogy l\u00e1tom rajta, nem csak a lovagl\u00e1s tetszik neki nagyon, de k\u00e9pes lenne \u00f3r\u00e1kat elt\u00f6lteni az ist\u00e1ll\u00f3ban is a pacikn\u00e1l :) , sz\u00f3val ez is egy olyan tev\u00e9kenys\u00e9g, amit sajn\u00e1ln\u00e9k elhagyni, b\u00e1rmennyire is neh\u00e9z \u00e9s megterhel\u0151 mindenhogy, anyagilag sem olcs\u00f3 \u00edgy mindenest\u00fcl. B\u00e1r, az is igaz, hogy tegnap mindenki, de legf\u0151k\u00e9pp Toma azt hangoztatta, hogy \u0151 azt\u00e1n h\u00e9tv\u00e9g\u00e9n nem megy sehova :) , mert szeretne itthon is lenni (b\u00e1r a lovagl\u00e1st \u00fagy eml\u00e9kszem mintha belevette volna a h\u00e9tv\u00e9g\u00e9be :) )...<\/p>\r\n<p>\u00cdgy \u00e1llunk most, b\u00e1r, az\u00e9rt hasznoss\u00e1g \u00e9s \u00f6r\u00f6m ide vagy oda, ha \u00fagy \u00e9rzem b\u00e1rmikor is, hogy megterhel\u0151 ez a sok minden b\u00e1rkinek is, akkor az\u00e9rt a v\u00e1ltoztat\u00e1s jog\u00e1t fenntartom :) ...<\/p>","type":"rich"}