{"version":"1.0","provider_name":"Csal\u00e1dmorzs\u00e1k","provider_url":"https:\/\/csaladmorzsak.cafeblog.hu","author_name":"Vivi","author_url":"https:\/\/csaladmorzsak.cafeblog.hu\/author\/vivi\/","title":"Kresz Park","html":"<p>K\u00f6zel k\u00e9t hete Kresz Park ny\u00edlt meg a k\u00f6zel\u00fcnkben, Csepelen. Biciklivel f\u00e9l \u00f3ra lehet az \u00fat, aut\u00f3val 10 pernyire van t\u0151l\u00fcnk, sz\u00f3val nem egy t\u00e1vols\u00e1g. Toma nagyon meg akarta n\u00e9zni ezt a j\u00f3 kis helyet, fel is \u00edratta a sz\u00fcnetes bakancslist\u00e1j\u00e1ra, hogy oda el kell menni :) . Mi most a kis bring\u00e1t a csomagtart\u00f3ba berakva kocsival ment\u00fcnk,\u00a0mert el\u00e9gg\u00e9 vizes volt minden \u00e9s nem voltam biztos benne, hogy nem \u00f6mlik a nyakunkba egy kis zuh\u00e9, de biztos megy\u00fcnk majd bring\u00e1val is, mondjuk tavasszal :) .T\u00e1rsas\u00e1got is k\u00e9sz\u00fclt\u00fcnk h\u00edvni magunkkal, de \u00e9pp el\u00e9g volt az id\u0151j\u00e1r\u00e1ssal d\u0171l\u0151re jutni, mert az ut\u00f3bbi napokban el\u00e9g sokszor esett az es\u0151 fel\u00e9nk, az egyeztet\u00e9s nem f\u00e9rt bele az id\u0151nkbe, gondoltunk egyet d\u00e9lut\u00e1n Tom\u00e1val, hogy most megy\u00fcnk \u00e9s k\u00e9sz, ugyanis m\u00e9g a nap is s\u00fct\u00f6tt :) (b\u00e1r amikor ott voltunk beborult). Nem b\u00e1ntuk meg, egyr\u00e9szt mert m\u00e9g \u00fagyis megy\u00fcnk, majd akkor h\u00edvunk bar\u00e1tokat is, m\u00e1sr\u00e9szt nagyon \u00e9lvezetes volt m\u00e9g \u00edgy magunkban is \u00e9s persze Tom\u00e1t sem kell f\u00e9lteni lett t\u00e1rsas\u00e1ga, bar\u00e1tkozott az ottani fi\u00fakkal :) . A Park nagyon szuper, t\u00e9nyleg szinte minden van ott kicsiben, m\u0171k\u00f6d\u0151 l\u00e1mp\u00e1k, vas\u00fati \u00e1tj\u00e1r\u00f3 ugyancsak l\u00e1mp\u00e1val, egy vonattal \u00e9s hanghat\u00e1sokkal, k\u00f6rforgalom, term\u00e9szetesen rengeteg kresz t\u00e1bla \u00e9s egy mini benzink\u00fat, ami nagy n\u00e9pszer\u0171s\u00e9gnek \u00f6rvend :) ! Ezen fel\u00fcl sokat k\u00e9rdezett is Toma t\u00e1bl\u00e1kr\u00f3l \u00e9s egyebekr\u0151l, de csak akkor, amikor nem az \u00fajdons\u00fclt bar\u00e1tj\u00e1t \u00fcld\u00f6zte, aki \u00e1tment a piroson \u00e9s mint rend\u0151r jel\u00f6lt meg akarta rendszab\u00e1lyozni \u0151t\u00a0 :) ... (Sajnos a k\u00e9pek nem a legjobbak, szerintem elromlott a telefonom kamer\u00e1ja)<\/p>\r\n<p><a href=\"https:\/\/csaladmorzsak.cafeblog.hu\/files\/2018\/10\/20181029_135648.jpg\"><img class=\"aligncenter size-large wp-image-13455\" src=\"https:\/\/csaladmorzsak.cafeblog.hu\/files\/2018\/10\/20181029_135648-600x450.jpg\" alt=\"\" width=\"600\" height=\"450\" \/><\/a><\/p>\r\n<p>A tankol\u00e1s kicsikn\u00e9l \u00e9s nagyokn\u00e1l is nagyon n\u00e9pszer\u0171 volt, Toma is t\u00f6bbsz\u00f6r megtankolt :) :<\/p>\r\n<p><a href=\"https:\/\/csaladmorzsak.cafeblog.hu\/files\/2018\/10\/20181029_140019-e1540852967583.jpg\"><img class=\"aligncenter size-large wp-image-13456\" src=\"https:\/\/csaladmorzsak.cafeblog.hu\/files\/2018\/10\/20181029_140019-e1540852967583-450x600.jpg\" alt=\"\" width=\"450\" height=\"600\" \/><\/a><\/p>\r\n<p><a href=\"https:\/\/csaladmorzsak.cafeblog.hu\/files\/2018\/10\/20181029_140414-e1540853024779.jpg\"><img class=\"aligncenter size-large wp-image-13457\" src=\"https:\/\/csaladmorzsak.cafeblog.hu\/files\/2018\/10\/20181029_140414-e1540853024779-450x600.jpg\" alt=\"\" width=\"450\" height=\"600\" \/><\/a><\/p>\r\n<p><a href=\"https:\/\/csaladmorzsak.cafeblog.hu\/files\/2018\/10\/20181029_140449.jpg\"><img class=\"aligncenter size-large wp-image-13458\" src=\"https:\/\/csaladmorzsak.cafeblog.hu\/files\/2018\/10\/20181029_140449-600x450.jpg\" alt=\"\" width=\"600\" height=\"450\" \/><\/a><\/p>\r\n<p><a href=\"https:\/\/csaladmorzsak.cafeblog.hu\/files\/2018\/10\/20181029_142307.jpg\"><img class=\"aligncenter size-large wp-image-13459\" src=\"https:\/\/csaladmorzsak.cafeblog.hu\/files\/2018\/10\/20181029_142307-600x450.jpg\" alt=\"\" width=\"600\" height=\"450\" \/><\/a><\/p>\r\n<p>Torl\u00f3d\u00e1s az \u00faj cimbikkel a piros l\u00e1mp\u00e1n\u00e1l, Toma k\u00f6z\u00e9pen van \u00e9ppen :) :<\/p>\r\n<p><a href=\"https:\/\/csaladmorzsak.cafeblog.hu\/files\/2018\/10\/20181029_142611.jpg\"><img class=\"aligncenter size-large wp-image-13460\" src=\"https:\/\/csaladmorzsak.cafeblog.hu\/files\/2018\/10\/20181029_142611-600x450.jpg\" alt=\"\" width=\"600\" height=\"450\" \/><\/a><\/p>\r\n<p>Nagyon j\u00f3 kis hely, biztos megy\u00fcnk m\u00e9g!<\/p>","type":"rich"}