{"version":"1.0","provider_name":"Csal\u00e1dmorzs\u00e1k","provider_url":"https:\/\/csaladmorzsak.cafeblog.hu","author_name":"Vivi","author_url":"https:\/\/csaladmorzsak.cafeblog.hu\/author\/vivi\/","title":"Mikul\u00e1s-nap","html":"<p>A cs\u00fct\u00f6rt\u00f6k v\u00e9gig Mikul\u00e1s b\u0171v\u00f6letben telt, mert reggelre ugye - ahogy m\u00e1r \u00edrtam - meg\u00e9rkezett az a t\u00f6m\u00e9rdek finoms\u00e1g a cip\u0151kbe \u00e9s mindenbe, ahov\u00e1 csak ki volt rakva valami t\u00e1rol\u00f3ed\u00e9ny \u00e9s ahov\u00e1 lehetett valami nyal\u00e1nks\u00e1got csemp\u00e9szni.\u00a0 Azt\u00e1n be\u00e9rve az iskol\u00e1ba - Toma szemsz\u00f6g\u00e9b\u0151l mes\u00e9lem most persze - ott v\u00e1rt mindenkit a padokra k\u00e9sz\u00edtett csomagocska. D\u00e9lut\u00e1n haza\u00e9rve m\u00e1r k\u00e9sz\u00fcl\u0151dt\u00fcnk a h\u00e9tv\u00e9g\u00e9n megs\u00fct\u00f6tt \u00e9s szerd\u00e1n kid\u00edsz\u00edtett m\u00e9zeskal\u00e1csot az asztalra k\u00e9sz\u00edtett\u00fck, mert v\u00e1rtuk a Mikul\u00e1st, aki sejtett\u00fck, hogy estefel\u00e9 fog hozz\u00e1nk meg\u00e9rkezni :) .<\/p>\r\n<p>M\u00e9g forr\u00f3 csokit is k\u00e9sz\u00edtett\u00fcnk a Nagyszak\u00e1ll\u00fanak, az egyik szuper itthoni g\u00e9pemmel f\u0151zt\u00fck, ami \u0151r\u00f6l, mixel \u00e9s f\u0151z is, kis sz\u00e9ps\u00e9ghib\u00e1ja volt a dolognak, hogy elfelejtett\u00fcnk - f\u0151leg \u00e9n- bele tejet t\u00f6lteni :) , sz\u00f3val 6 percig f\u0151zt\u00fck a csokit, igaz\u00e1n kr\u00e9mes lett, kinyitva a g\u00e9pet pedig \u00e1mulva n\u00e9ztem, hogy hov\u00e1 t\u0171nt a liternyi forr\u00f3 ned\u0171, \u00e9s csak pillanatokkal k\u00e9s\u0151bb esett le, hogy a tejet azt kifelejtettem a dologb\u00f3l... De sebaj, mert t\u00f6lt\u00f6tt\u00fcnk bele p\u00f3tl\u00e1sk\u00e9nt, a csoki m\u00e1r igaz\u00e1n kr\u00e9mes volt :) , b\u00e1r Toma kicsit agg\u00f3dott, hogy nem lesz finom \u00e9s ilyenek, \u00e9n ink\u00e1bb a g\u00e9p miatt szorongtam, hogy t\u00fal\u00e9lte-e ezt az eg\u00e9szet, de a jelek szerint igen, k\u00f6sz\u00f6ni j\u00f3l van, \u00e9s m\u00e9g csak el sem k\u00e9st\u00fcnk a dologgal, ugyanis a Mikul\u00e1snak igencsak sok dolga volt \u00e9s j\u00f3val k\u00e9s\u0151bb, a tervezetthez k\u00e9pest is j\u00f3 1 \u00f3r\u00e1val k\u00e9s\u0151bb, este 8 k\u00f6r\u00fcl \u00e9rt ide hozz\u00e1nk.<\/p>\r\n<p>Mindenkit, t\u00e9nyleg mindenkit el\u00e1rasztott aj\u00e1nd\u00e9kkal, M\u00e1t\u00e9 is azt kapta, amire v\u00e1gyott: vezet\u00e9k n\u00e9lk\u00fcli f\u00fclhallgat\u00f3t, Toma pedig levehet\u0151 \u00e9s szerelhet\u0151 kamiont kerekekkel \u00e9s minden szersz\u00e1mmal \u00e9s egy Fradis f\u00fclhallgat\u00f3t, ami nem vezet\u00e9kes, de ez az \u00e9rintettet ez egy\u00e1ltal\u00e1n nem \u00e9rdekli, \u00f6r\u00fcl neki nagyon, \u00e9s persze megvend\u00e9gelt\u00fck most is a Mikul\u00e1st, ivott a viharosan k\u00e9sz\u00fclt forr\u00f3 csokib\u00f3l is \u00e9s m\u00e9g \u00fatraval\u00f3k\u00e9nt m\u00e9zeskal\u00e1csot is csomagoltunk neki:<\/p>\r\n<p><a href=\"https:\/\/csaladmorzsak.cafeblog.hu\/files\/2018\/12\/47393052_2192876860969225_7042999689670557696_n.jpg\"><img class=\"aligncenter size-large wp-image-13700\" src=\"https:\/\/csaladmorzsak.cafeblog.hu\/files\/2018\/12\/47393052_2192876860969225_7042999689670557696_n-600x338.jpg\" alt=\"\" width=\"600\" height=\"338\" \/><\/a><\/p>\r\n<p><a href=\"https:\/\/csaladmorzsak.cafeblog.hu\/files\/2018\/12\/47427730_324416041484849_5913135016912617472_n.jpg\"><img class=\"aligncenter size-large wp-image-13701\" src=\"https:\/\/csaladmorzsak.cafeblog.hu\/files\/2018\/12\/47427730_324416041484849_5913135016912617472_n-600x338.jpg\" alt=\"\" width=\"600\" height=\"338\" \/><\/a><\/p>\r\n<p><a href=\"https:\/\/csaladmorzsak.cafeblog.hu\/files\/2018\/12\/47680524_699591327094426_4561617823721324544_n.jpg\"><img class=\"aligncenter size-large wp-image-13702\" src=\"https:\/\/csaladmorzsak.cafeblog.hu\/files\/2018\/12\/47680524_699591327094426_4561617823721324544_n-600x338.jpg\" alt=\"\" width=\"600\" height=\"338\" \/><\/a><\/p>\r\n<p><a href=\"https:\/\/csaladmorzsak.cafeblog.hu\/files\/2018\/12\/47345747_2181250665239792_6402843859402883072_n.jpg\"><img class=\"aligncenter size-large wp-image-13703\" src=\"https:\/\/csaladmorzsak.cafeblog.hu\/files\/2018\/12\/47345747_2181250665239792_6402843859402883072_n-600x338.jpg\" alt=\"\" width=\"600\" height=\"338\" \/><\/a><\/p>\r\n<p>Egy\u00e9bk\u00e9nt a Mikul\u00e1snak siker\u00fclt engem is teljesen meglepnie, ugyanis Toma \u00e9s M\u00e1t\u00e9 aj\u00e1nd\u00e9ka k\u00f6z\u00f6tt el\u0151h\u00fazott a zs\u00e1kj\u00e1b\u00f3l egy \u00faj telefont nekem, amit el\u0151sz\u00f6r kicsit \u00e9rtetlenkedve, de majdnem tov\u00e1bb ir\u00e1ny\u00edtottam M\u00e1t\u00e9 fel\u00e9, de \u0151 egy\u00e9rtelm\u0171v\u00e9 tette, hogy nekem hozta :) , sz\u00f3val az\u00f3ta is nagyon boldog vagyok az \u00faj igaz\u00e1n \u00e9rt\u00e9kes k\u00fcty\u00fcmmel, \u00e9s\u00a0 olyan h\u00e1l\u00e1s vagyok az \u00e9n Mikul\u00e1somnak, hogy \u00edgy szeret :) ! Sz\u00f3val viszl\u00e1t hom\u00e1lyos k\u00e9pek, j\u00f6nnek az \u00fajak :) ...<\/p>","type":"rich"}